{"id":158,"date":"2025-07-23T22:14:38","date_gmt":"2025-07-23T20:14:38","guid":{"rendered":"http:\/\/www.themindedbaby.it\/?page_id=158"},"modified":"2025-08-26T22:00:48","modified_gmt":"2025-08-26T20:00:48","slug":"su-di-me","status":"publish","type":"page","link":"https:\/\/www.themindedbaby.it\/index.php\/su-di-me\/","title":{"rendered":"Su di me"},"content":{"rendered":"<p>[et_pb_section fb_built=&#8221;1&#8243; admin_label=&#8221;Header&#8221; _builder_version=&#8221;4.19.5&#8243; _module_preset=&#8221;default&#8221; background_color=&#8221;gcid-4dccef5c-a04c-4e7c-abbe-b1e880c58010&#8243; collapsed=&#8221;on&#8221; global_colors_info=&#8221;{%22gcid-4dccef5c-a04c-4e7c-abbe-b1e880c58010%22:%91%22background_color%22%93}&#8221;][et_pb_row _builder_version=&#8221;4.19.5&#8243; _module_preset=&#8221;default&#8221; max_width=&#8221;700px&#8221; global_colors_info=&#8221;{}&#8221;][et_pb_column type=&#8221;4_4&#8243; _builder_version=&#8221;4.19.5&#8243; _module_preset=&#8221;default&#8221; global_colors_info=&#8221;{}&#8221;][et_pb_text _builder_version=&#8221;4.19.5&#8243; _module_preset=&#8221;3c627098-dec6-4ebc-a02d-53fcc8a616fa&#8221; header_text_color=&#8221;gcid-f743be1f-46bf-4685-bc55-7e8b347eb98d&#8221; text_orientation=&#8221;center&#8221; custom_margin=&#8221;||10px||false|false&#8221; global_colors_info=&#8221;{%22gcid-f743be1f-46bf-4685-bc55-7e8b347eb98d%22:%91%22header_text_color%22%93}&#8221;]<\/p>\n<h1>chi sono<\/h1>\n<p>[\/et_pb_text][et_pb_text _builder_version=&#8221;4.27.3&#8243; _module_preset=&#8221;7f5e5abd-cda3-453b-a6fb-ab0887fc29cc&#8221; text_font=&#8221;Prata||||||||&#8221; text_text_color=&#8221;#FFFFFF&#8221; text_orientation=&#8221;center&#8221; global_colors_info=&#8221;{}&#8221;]<\/p>\n<p>Il mio nome \u00e8 Lisa, sono una psicologa dello sviluppo e dei processi educativi, specializzata in perinatalit\u00e0. Leggi qui sotto per sapere qualcosa in pi\u00f9 su di me!<\/p>\n<p>[\/et_pb_text][\/et_pb_column][\/et_pb_row][\/et_pb_section][et_pb_section fb_built=&#8221;1&#8243; admin_label=&#8221;About&#8221; _builder_version=&#8221;4.19.5&#8243; _module_preset=&#8221;default&#8221; background_color=&#8221;gcid-9464c34f-f9ff-43eb-9668-c958662e33fc&#8221; locked=&#8221;off&#8221; collapsed=&#8221;on&#8221; global_colors_info=&#8221;{%22gcid-9464c34f-f9ff-43eb-9668-c958662e33fc%22:%91%22background_color%22%93}&#8221;][et_pb_row column_structure=&#8221;1_2,1_2&#8243; make_equal=&#8221;on&#8221; _builder_version=&#8221;4.27.3&#8243; _module_preset=&#8221;default&#8221; global_colors_info=&#8221;{}&#8221;][et_pb_column type=&#8221;1_2&#8243; _builder_version=&#8221;4.19.5&#8243; _module_preset=&#8221;default&#8221; global_colors_info=&#8221;{}&#8221;][et_pb_image src=&#8221;https:\/\/www.themindedbaby.it\/wp-content\/uploads\/2024\/10\/health-clinic-1.png&#8221; title_text=&#8221;health-clinic-1&#8243; _builder_version=&#8221;4.19.5&#8243; _module_preset=&#8221;default&#8221; max_height=&#8221;12px&#8221; locked=&#8221;off&#8221; global_colors_info=&#8221;{}&#8221;][\/et_pb_image][et_pb_text _builder_version=&#8221;4.19.5&#8243; _module_preset=&#8221;418de07f-811e-4487-a8b4-8d8adbc3a8dd&#8221; custom_margin=&#8221;||10px||false|false&#8221; global_colors_info=&#8221;{}&#8221;]<\/p>\n<h2>I miei studi e la mia esperienza<\/h2>\n<p>[\/et_pb_text][et_pb_text _builder_version=&#8221;4.27.4&#8243; _module_preset=&#8221;7f5e5abd-cda3-453b-a6fb-ab0887fc29cc&#8221; text_line_height=&#8221;2.1em&#8221; width=&#8221;92%&#8221; max_width=&#8221;98%&#8221; custom_margin=&#8221;27px||||false|false&#8221; global_colors_info=&#8221;{}&#8221;]<\/p>\n<p>Lo studio della psicologia fa parte della mia vita da quando mi sono iscritta al corso di laurea in<em> Scienze e Tecniche Psicologiche<\/em>, presso l&#8217;Universit\u00e0 degli Studi di Milano Bicocca. Dopo aver conseguito la laurea triennale, nel 2019, ho deciso di specializzarmi in <em>Psicologia dello Sviluppo e processi educativi<\/em>, in quanto l&#8217;et\u00e0 evolutiva era, gi\u00e0 allora, l&#8217;interesse accademico e professionale che sentivo appartenermi di pi\u00f9.<\/p>\n<p>In questi anni di studio, \u00e8 maturato in me il desiderio di approfondire il periodo perinatale, in seguito alla scoperta dell&#8217;enorme potenziale che risiede in questa finestra di vita dell&#8217;essere umano.<\/p>\n<p>[\/et_pb_text][\/et_pb_column][et_pb_column type=&#8221;1_2&#8243; _builder_version=&#8221;4.27.3&#8243; _module_preset=&#8221;default&#8221; custom_padding=&#8221;162px||||false|false&#8221; scroll_fade_enable=&#8221;on&#8221; global_colors_info=&#8221;{}&#8221;][et_pb_image src=&#8221;https:\/\/www.themindedbaby.it\/wp-content\/uploads\/2024\/11\/health-clinic-2.png&#8221; title_text=&#8221;health-clinic-2&#8243; _builder_version=&#8221;4.19.5&#8243; _module_preset=&#8221;default&#8221; positioning=&#8221;absolute&#8221; position_origin_a=&#8221;top_right&#8221; vertical_offset=&#8221;-8%&#8221; horizontal_offset=&#8221;-8%&#8221; width=&#8221;30%&#8221; global_colors_info=&#8221;{}&#8221;][\/et_pb_image][et_pb_gallery gallery_ids=&#8221;507,511&#8243; fullwidth=&#8221;on&#8221; _builder_version=&#8221;4.27.4&#8243; _module_preset=&#8221;default&#8221; custom_margin=&#8221;-22px||||false|false&#8221; auto=&#8221;on&#8221; scroll_fade_enable=&#8221;on&#8221; scroll_fade=&#8221;0|39|39|100|0|100|100&#8243; border_radii=&#8221;on|10px|10px|10px|10px&#8221; global_colors_info=&#8221;{}&#8221;][\/et_pb_gallery][\/et_pb_column][\/et_pb_row][et_pb_row column_structure=&#8221;1_2,1_2&#8243; make_equal=&#8221;on&#8221; _builder_version=&#8221;4.27.3&#8243; _module_preset=&#8221;default&#8221; global_colors_info=&#8221;{}&#8221;][et_pb_column type=&#8221;1_2&#8243; _builder_version=&#8221;4.27.3&#8243; _module_preset=&#8221;default&#8221; custom_padding=&#8221;72px||||false|false&#8221; scroll_fade_enable=&#8221;on&#8221; global_colors_info=&#8221;{}&#8221;][et_pb_image src=&#8221;https:\/\/www.themindedbaby.it\/wp-content\/uploads\/2024\/11\/health-clinic-2.png&#8221; title_text=&#8221;health-clinic-2&#8243; admin_label=&#8221;Image&#8221; _builder_version=&#8221;4.19.5&#8243; _module_preset=&#8221;default&#8221; positioning=&#8221;absolute&#8221; position_origin_a=&#8221;bottom_left&#8221; vertical_offset=&#8221;-13%&#8221; horizontal_offset=&#8221;-11%&#8221; width=&#8221;30%&#8221; scroll_vertical_motion_enable=&#8221;on&#8221; scroll_vertical_motion=&#8221;0|50|50|100|1|0|-1&#8243; locked=&#8221;off&#8221; global_colors_info=&#8221;{}&#8221;][\/et_pb_image][et_pb_image src=&#8221;https:\/\/www.themindedbaby.it\/wp-content\/uploads\/2025\/01\/Screenshot-2025-01-12-174600.png&#8221; title_text=&#8221;Screenshot 2025-01-12 174600&#8243; _builder_version=&#8221;4.27.4&#8243; _module_preset=&#8221;default&#8221; custom_margin=&#8221;-73px||||false|false&#8221; custom_padding=&#8221;||58px|||&#8221; border_radii=&#8221;on|10px|10px|10px|10px&#8221; global_colors_info=&#8221;{}&#8221;][\/et_pb_image][\/et_pb_column][et_pb_column type=&#8221;1_2&#8243; _builder_version=&#8221;4.19.5&#8243; _module_preset=&#8221;default&#8221; global_colors_info=&#8221;{}&#8221;][et_pb_text _builder_version=&#8221;4.27.4&#8243; _module_preset=&#8221;7f5e5abd-cda3-453b-a6fb-ab0887fc29cc&#8221; text_line_height=&#8221;2.1em&#8221; width=&#8221;92%&#8221; max_width=&#8221;98%&#8221; custom_margin=&#8221;51px||||false|false&#8221; locked=&#8221;off&#8221; global_colors_info=&#8221;{}&#8221;]<\/p>\n<p>Per questo motivo, dopo la laurea specialistica, ho effettuato il tirocinio presso un consultorio familiare, dove la mia passione si \u00e8 consolidata.<\/p>\n<p>In seguito all&#8217;abilitazione all&#8217;esercizio della professione, ho deciso di iscrivermi a un master in <em>Psicologia e Fisiologia Perinatale. <\/em>Questo mi ha permesso non solo di approfondire ancora di pi\u00f9 la tematica, formandomi per lavorare con bambini in questa fascia d&#8217;et\u00e0 e genitori, ma mi ha anche fornito un&#8217;ottica specifica con cui osservare e sostenere la psicologia della persona.<\/p>\n<p>[\/et_pb_text][\/et_pb_column][\/et_pb_row][et_pb_row column_structure=&#8221;1_2,1_2&#8243; _builder_version=&#8221;4.27.4&#8243; _module_preset=&#8221;default&#8221; global_colors_info=&#8221;{}&#8221;][et_pb_column type=&#8221;1_2&#8243; _builder_version=&#8221;4.27.4&#8243; _module_preset=&#8221;default&#8221; global_colors_info=&#8221;{}&#8221;][et_pb_text _builder_version=&#8221;4.27.4&#8243; _module_preset=&#8221;7f5e5abd-cda3-453b-a6fb-ab0887fc29cc&#8221; text_line_height=&#8221;2.1em&#8221; width=&#8221;92%&#8221; max_width=&#8221;98%&#8221; custom_margin=&#8221;-5px||||false|false&#8221; locked=&#8221;off&#8221; global_colors_info=&#8221;{}&#8221;]<\/p>\n<p>Conseguito il titolo di <em>Psicologa Perinatale<\/em>, ho cominciato il mio percorso professionale presso lo stesso consultorio, ricoprendo il ruolo di operatrice psicologa nei percorsi di Prevenzione ed Educazione alla Salute, nelle scuole primarie e secondarie di primo grado.<\/p>\n<p>Nel frattempo, ho raccolto le informazioni e le risorse necessarie ad avviare la mia attivit\u00e0 in libera professione: il sostegno psicologico e la consulenza perinatale.<\/p>\n<p>Clicca <strong><span style=\"text-decoration: underline;\"><a href=\"https:\/\/www.themindedbaby.it\/#area-servizi\"><span style=\"color: #000000; text-decoration: underline;\">qui<\/span> <\/a><\/span><\/strong>per conoscere meglio i servizi che offro attualmente!<\/p>\n<p>&nbsp;<\/p>\n<p>[\/et_pb_text][\/et_pb_column][et_pb_column type=&#8221;1_2&#8243; _builder_version=&#8221;4.27.4&#8243; _module_preset=&#8221;default&#8221; global_colors_info=&#8221;{}&#8221;][et_pb_image src=&#8221;https:\/\/www.themindedbaby.it\/wp-content\/uploads\/2025\/07\/IMG_2204-e1753972651411.jpg&#8221; title_text=&#8221;IMG_2204&#8243; _builder_version=&#8221;4.27.4&#8243; _module_preset=&#8221;default&#8221; scroll_fade_enable=&#8221;on&#8221; scroll_fade=&#8221;0|59|59|100|0|100|100&#8243; border_radii=&#8221;on|10px|10px|10px|10px&#8221; global_colors_info=&#8221;{}&#8221;][\/et_pb_image][\/et_pb_column][\/et_pb_row][et_pb_row _builder_version=&#8221;4.27.4&#8243; _module_preset=&#8221;default&#8221; custom_margin=&#8221;6px||||false|false&#8221; custom_padding=&#8221;0px||0px||false|false&#8221; global_colors_info=&#8221;{}&#8221;][et_pb_column type=&#8221;4_4&#8243; _builder_version=&#8221;4.27.3&#8243; _module_preset=&#8221;default&#8221; global_colors_info=&#8221;{}&#8221;][et_pb_text _builder_version=&#8221;4.19.5&#8243; _module_preset=&#8221;418de07f-811e-4487-a8b4-8d8adbc3a8dd&#8221; custom_margin=&#8221;||10px||false|false&#8221; locked=&#8221;off&#8221; global_colors_info=&#8221;{}&#8221;]<\/p>\n<h2>Che cos&#8217;\u00e8 <em>the minded baby<\/em>?<\/h2>\n<p>[\/et_pb_text][et_pb_text _builder_version=&#8221;4.27.4&#8243; _module_preset=&#8221;7f5e5abd-cda3-453b-a6fb-ab0887fc29cc&#8221; text_line_height=&#8221;2.1em&#8221; width=&#8221;92%&#8221; max_width=&#8221;98%&#8221; locked=&#8221;off&#8221; global_colors_info=&#8221;{}&#8221;]<\/p>\n<p><strong><em>the minded baby <\/em><\/strong>\u00e8 <span>un progetto di sensibilizzazione a lungo termine su cui sto lavorando. Pur essendo ancora solo un&#8217;idea, ho pensato di dare questo nome al sito, presentarmi in prima battuta insieme al mio ideale professionale: una proposta pensata <em>per<\/em> il bambino e <em>per<\/em> l&#8217;intero contesto in cui \u00e8 immerso, che coinvolga diverse figure professionali, allo scopo di fornire alle famiglie un vero spazio di cura, misurato, integrato con le singole esperienze ed opinioni, funzionale e personalizzato.<\/span><\/p>\n<p>Clicca <span style=\"color: #000000;\"><a href=\"https:\/\/www.themindedbaby.it\/index.php\/the-minded-baby-2\/\" style=\"color: #000000;\"><strong><span style=\"text-decoration: underline;\">qui<\/span> <\/strong><\/a><\/span>per scoprire di cosa parlo!<\/p>\n<p>[\/et_pb_text][\/et_pb_column][\/et_pb_row][\/et_pb_section][et_pb_section fb_built=&#8221;1&#8243; admin_label=&#8221;Features&#8221; _builder_version=&#8221;4.19.5&#8243; _module_preset=&#8221;default&#8221; background_color=&#8221;gcid-9464c34f-f9ff-43eb-9668-c958662e33fc&#8221; collapsed=&#8221;on&#8221; global_colors_info=&#8221;{%22gcid-9464c34f-f9ff-43eb-9668-c958662e33fc%22:%91%22background_color%22%93}&#8221;][et_pb_row _builder_version=&#8221;4.27.3&#8243; _module_preset=&#8221;default&#8221; max_width=&#8221;700px&#8221; custom_margin=&#8221;-68px||||false|false&#8221; locked=&#8221;off&#8221; global_colors_info=&#8221;{}&#8221;][et_pb_column type=&#8221;4_4&#8243; _builder_version=&#8221;4.19.5&#8243; _module_preset=&#8221;default&#8221; global_colors_info=&#8221;{}&#8221;][et_pb_image src=&#8221;https:\/\/www.themindedbaby.it\/wp-content\/uploads\/2024\/10\/health-clinic-1.png&#8221; title_text=&#8221;health-clinic-1&#8243; align=&#8221;center&#8221; _builder_version=&#8221;4.19.5&#8243; _module_preset=&#8221;default&#8221; max_height=&#8221;12px&#8221; global_colors_info=&#8221;{}&#8221;][\/et_pb_image][et_pb_text _builder_version=&#8221;4.19.5&#8243; _module_preset=&#8221;418de07f-811e-4487-a8b4-8d8adbc3a8dd&#8221; text_orientation=&#8221;center&#8221; custom_margin=&#8221;||10px||false|false&#8221; global_colors_info=&#8221;{}&#8221;]<\/p>\n<h2>perch\u00e9 affidarti a me?<\/h2>\n<p>[\/et_pb_text][\/et_pb_column][\/et_pb_row][et_pb_row column_structure=&#8221;1_2,1_2&#8243; _builder_version=&#8221;4.27.3&#8243; _module_preset=&#8221;default&#8221; custom_margin=&#8221;-42px||||false|false&#8221; global_colors_info=&#8221;{}&#8221;][et_pb_column type=&#8221;1_2&#8243; _builder_version=&#8221;4.27.3&#8243; _module_preset=&#8221;default&#8221; custom_padding=&#8221;0px||||false|false&#8221; global_colors_info=&#8221;{}&#8221;][et_pb_image src=&#8221;https:\/\/www.themindedbaby.it\/wp-content\/uploads\/2025\/07\/IMG_2175-e1753969183222.jpg&#8221; title_text=&#8221;IMG_2175&#8243; _builder_version=&#8221;4.27.4&#8243; _module_preset=&#8221;default&#8221; transform_scale=&#8221;88%|88%&#8221; custom_margin=&#8221;-8px|||-10px|false|false&#8221; filter_sepia=&#8221;7%&#8221; scroll_fade_enable=&#8221;on&#8221; border_radii=&#8221;on|24px|24px|24px|24px&#8221; global_colors_info=&#8221;{}&#8221;][\/et_pb_image][\/et_pb_column][et_pb_column type=&#8221;1_2&#8243; _builder_version=&#8221;4.27.3&#8243; _module_preset=&#8221;default&#8221; custom_padding=&#8221;52px||||false|false&#8221; scroll_fade_enable=&#8221;on&#8221; global_colors_info=&#8221;{}&#8221;][et_pb_blurb title=&#8221;Per concederti, finalmente, la possibilit\u00e0 di esplorare i tuoi bisogni&#8221; use_icon=&#8221;on&#8221; font_icon=&#8221;&#x4e;||divi||400&#8243; _builder_version=&#8221;4.27.3&#8243; _module_preset=&#8221;031d5c92-00cf-4373-bcec-b2e3015d4280&#8243; locked=&#8221;off&#8221; global_colors_info=&#8221;{}&#8221;][\/et_pb_blurb][et_pb_blurb title=&#8221;Perch\u00e9 troverai uno spazio sicuro e tutto tuo, dove comunicare e condividere&#8221; use_icon=&#8221;on&#8221; font_icon=&#8221;&#x4e;||divi||400&#8243; _builder_version=&#8221;4.27.3&#8243; _module_preset=&#8221;031d5c92-00cf-4373-bcec-b2e3015d4280&#8243; locked=&#8221;off&#8221; global_colors_info=&#8221;{}&#8221;][\/et_pb_blurb][et_pb_blurb title=&#8221;Perch\u00e9 costruiremo, insieme, un percorso adatto a te &#8221; use_icon=&#8221;on&#8221; font_icon=&#8221;&#x4e;||divi||400&#8243; _builder_version=&#8221;4.27.3&#8243; _module_preset=&#8221;031d5c92-00cf-4373-bcec-b2e3015d4280&#8243; locked=&#8221;off&#8221; global_colors_info=&#8221;{}&#8221;][\/et_pb_blurb][\/et_pb_column][\/et_pb_row][\/et_pb_section][et_pb_section fb_built=&#8221;1&#8243; admin_label=&#8221;Footer&#8221; _builder_version=&#8221;4.27.4&#8243; _module_preset=&#8221;default&#8221; background_color=&#8221;#082125&#8243; background_image=&#8221;https:\/\/www.themindedbaby.it\/wp-content\/uploads\/2025\/07\/IMG_2245mod-2.jpg&#8221; background_size=&#8221;custom&#8221; background_image_width=&#8221;100%&#8221; background_image_height=&#8221;0%&#8221; background_position=&#8221;top_center&#8221; background_vertical_offset=&#8221;61%&#8221; background_blend=&#8221;overlay&#8221; saved_tabs=&#8221;all&#8221; collapsed=&#8221;on&#8221; global_colors_info=&#8221;{}&#8221;][et_pb_row _builder_version=&#8221;4.27.3&#8243; _module_preset=&#8221;default&#8221; max_width=&#8221;800px&#8221; custom_margin=&#8221;||30px||false|false&#8221; global_colors_info=&#8221;{}&#8221;][et_pb_column type=&#8221;4_4&#8243; _builder_version=&#8221;4.27.3&#8243; _module_preset=&#8221;default&#8221; global_colors_info=&#8221;{}&#8221;][et_pb_image src=&#8221;https:\/\/www.themindedbaby.it\/wp-content\/uploads\/2024\/11\/plant_flower_nature_abstract_vegetation_flora_icon_181457.png&#8221; title_text=&#8221;plant_flower_nature_abstract_vegetation_flora_icon_181457&#8243; align=&#8221;center&#8221; _builder_version=&#8221;4.27.2&#8243; _module_preset=&#8221;default&#8221; width=&#8221;47%&#8221; max_width=&#8221;100%&#8221; min_height=&#8221;90px&#8221; height=&#8221;2px&#8221; max_height=&#8221;2px&#8221; custom_margin=&#8221;-2px||15px||false|false&#8221; filter_saturate=&#8221;145%&#8221; filter_opacity=&#8221;65%&#8221; locked=&#8221;off&#8221; global_colors_info=&#8221;{}&#8221;][\/et_pb_image][et_pb_text _builder_version=&#8221;4.27.3&#8243; _module_preset=&#8221;ae8d9720-5933-4c15-9ba7-8ce0451cc299&#8243; header_2_text_color=&#8221;#D2D0BB&#8221; text_orientation=&#8221;center&#8221; global_colors_info=&#8221;{}&#8221;]<\/p>\n<h2>Vieni a conoscermi!<\/h2>\n<p>[\/et_pb_text][et_pb_button button_url=&#8221;@ET-DC@eyJkeW5hbWljIjp0cnVlLCJjb250ZW50IjoicG9zdF9saW5rX3VybF9wYWdlIiwic2V0dGluZ3MiOnsicG9zdF9pZCI6IjE0MCJ9fQ==@&#8221; url_new_window=&#8221;on&#8221; button_text=&#8221;Prenota un appuntamento&#8221; button_alignment=&#8221;center&#8221; _builder_version=&#8221;4.27.4&#8243; _dynamic_attributes=&#8221;button_url&#8221; _module_preset=&#8221;d301a670-e2d3-40b8-80d1-02a700b75393&#8243; global_colors_info=&#8221;{}&#8221;][\/et_pb_button][\/et_pb_column][\/et_pb_row][\/et_pb_section][et_pb_section fb_built=&#8221;1&#8243; admin_label=&#8221;Footer&#8221; _builder_version=&#8221;4.19.5&#8243; _module_preset=&#8221;default&#8221; background_color=&#8221;#082125&#8243; background_image=&#8221;https:\/\/www.themindedbaby.it\/wp-content\/uploads\/2024\/10\/health-clinic-6.png&#8221; background_size=&#8221;initial&#8221; background_position=&#8221;bottom_center&#8221; custom_padding=&#8221;||0px|||&#8221; saved_tabs=&#8221;all&#8221; locked=&#8221;off&#8221; collapsed=&#8221;on&#8221; global_colors_info=&#8221;{}&#8221;][et_pb_row column_structure=&#8221;1_3,1_3,1_3&#8243; _builder_version=&#8221;4.19.5&#8243; _module_preset=&#8221;default&#8221; custom_padding=&#8221;||||false|false&#8221; global_colors_info=&#8221;{}&#8221;][et_pb_column type=&#8221;1_3&#8243; _builder_version=&#8221;4.19.5&#8243; _module_preset=&#8221;default&#8221; global_colors_info=&#8221;{}&#8221;][et_pb_text _builder_version=&#8221;4.27.3&#8243; _module_preset=&#8221;216171a7-251d-4586-985c-538a3ee9cb18&#8243; header_4_text_color=&#8221;gcid-f743be1f-46bf-4685-bc55-7e8b347eb98d&#8221; global_colors_info=&#8221;{%22gcid-f743be1f-46bf-4685-bc55-7e8b347eb98d%22:%91%22header_4_text_color%22%93}&#8221;]<\/p>\n<h4>Contatti<\/h4>\n<p>[\/et_pb_text][et_pb_text _builder_version=&#8221;4.27.4&#8243; _module_preset=&#8221;bacfe805-e638-4e3d-9c01-f7f134903cef&#8221; header_3_text_color=&#8221;#FFFFFF&#8221; custom_margin=&#8221;||0px||false|false&#8221; global_colors_info=&#8221;{}&#8221;]<\/p>\n<h3><span style=\"color: #ffffff;\"><a href=\"tel:3514006715\" style=\"color: #ffffff;\">351 4006715<\/a><\/span><\/h3>\n<p>[\/et_pb_text][et_pb_text _builder_version=&#8221;4.27.4&#8243; _module_preset=&#8221;88ee1f59-e020-4150-b003-05437d932202&#8243; text_text_color=&#8221;#FFFFFF&#8221; link_text_color=&#8221;#FFFFFF&#8221; global_colors_info=&#8221;{}&#8221;]<a href=\"mailto:lisabiondi6@gmail.com\">lisabiondi6@gmail.com<\/a>[\/et_pb_text][et_pb_social_media_follow icon_color=&#8221;gcid-0b738e94-8a5e-4e5c-8969-81d151b757fa&#8221; _builder_version=&#8221;4.27.4&#8243; _module_preset=&#8221;default&#8221; locked=&#8221;off&#8221; global_colors_info=&#8221;{%22gcid-0b738e94-8a5e-4e5c-8969-81d151b757fa%22:%91%22icon_color%22%93}&#8221;][et_pb_social_media_follow_network social_network=&#8221;instagram&#8221; url=&#8221;https:\/\/www.instagram.com\/themindedbaby\/&#8221; _builder_version=&#8221;4.27.4&#8243; _module_preset=&#8221;default&#8221; global_colors_info=&#8221;{}&#8221; follow_button=&#8221;off&#8221; url_new_window=&#8221;on&#8221;]instagram[\/et_pb_social_media_follow_network][\/et_pb_social_media_follow][\/et_pb_column][et_pb_column type=&#8221;1_3&#8243; _builder_version=&#8221;4.19.5&#8243; _module_preset=&#8221;default&#8221; global_colors_info=&#8221;{}&#8221;][et_pb_text _builder_version=&#8221;4.27.4&#8243; _module_preset=&#8221;88ee1f59-e020-4150-b003-05437d932202&#8243; link_text_color=&#8221;#FFFFFF&#8221; custom_margin=&#8221;||10px||false|false&#8221; global_colors_info=&#8221;{}&#8221;]<a href=\"https:\/\/www.themindedbaby.it\/#area-servizi\">Servizi<\/a>[\/et_pb_text][et_pb_text _builder_version=&#8221;4.27.4&#8243; _module_preset=&#8221;88ee1f59-e020-4150-b003-05437d932202&#8243; link_text_color=&#8221;#FFFFFF&#8221; custom_margin=&#8221;||10px||false|false&#8221; link_option_url=&#8221;https:\/\/www.themindedbaby.it\/index.php\/su-di-me\/&#8221; global_colors_info=&#8221;{}&#8221;]<a href=\"https:\/\/www.themindedbaby.it\/index.php\/su-di-me\/\">Su di me<\/a>[\/et_pb_text][et_pb_text _builder_version=&#8221;4.27.4&#8243; _dynamic_attributes=&#8221;link_option_url&#8221; _module_preset=&#8221;88ee1f59-e020-4150-b003-05437d932202&#8243; link_text_color=&#8221;#FFFFFF&#8221; custom_margin=&#8221;||10px||false|false&#8221; link_option_url=&#8221;@ET-DC@eyJkeW5hbWljIjp0cnVlLCJjb250ZW50IjoicG9zdF9saW5rX3VybF9wYWdlIiwic2V0dGluZ3MiOnsicG9zdF9pZCI6IjMwNyJ9fQ==@&#8221; global_colors_info=&#8221;{}&#8221;]<a href=\"https:\/\/www.themindedbaby.it\/index.php\/the-minded-baby-2\/\">Il progetto<\/a>[\/et_pb_text][et_pb_text _builder_version=&#8221;4.27.4&#8243; _dynamic_attributes=&#8221;link_option_url&#8221; _module_preset=&#8221;88ee1f59-e020-4150-b003-05437d932202&#8243; link_text_color=&#8221;#FFFFFF&#8221; custom_margin=&#8221;||10px||false|false&#8221; link_option_url=&#8221;@ET-DC@eyJkeW5hbWljIjp0cnVlLCJjb250ZW50IjoicG9zdF9saW5rX3VybF9wYWdlIiwic2V0dGluZ3MiOnsicG9zdF9pZCI6IjE0MCJ9fQ==@&#8221; global_colors_info=&#8221;{}&#8221;]<a href=\"https:\/\/www.themindedbaby.it\/index.php\/contatti\/\">Contatti<\/a>[\/et_pb_text][et_pb_text _builder_version=&#8221;4.27.4&#8243; _dynamic_attributes=&#8221;link_option_url&#8221; _module_preset=&#8221;88ee1f59-e020-4150-b003-05437d932202&#8243; link_text_color=&#8221;#FFFFFF&#8221; custom_margin=&#8221;||10px||false|false&#8221; link_option_url=&#8221;@ET-DC@eyJkeW5hbWljIjp0cnVlLCJjb250ZW50IjoicG9zdF9saW5rX3VybF9wYWdlIiwic2V0dGluZ3MiOnsicG9zdF9pZCI6IjIxOCJ9fQ==@&#8221; global_colors_info=&#8221;{}&#8221;]<a href=\"https:\/\/www.themindedbaby.it\/index.php\/link-utili-e-indirizzo\/\">Dove trovarmi<\/a>[\/et_pb_text][\/et_pb_column][et_pb_column type=&#8221;1_3&#8243; _builder_version=&#8221;4.19.5&#8243; _module_preset=&#8221;default&#8221; global_colors_info=&#8221;{}&#8221;][et_pb_text _builder_version=&#8221;4.27.4&#8243; _dynamic_attributes=&#8221;link_option_url&#8221; _module_preset=&#8221;88ee1f59-e020-4150-b003-05437d932202&#8243; text_text_color=&#8221;#FFFFFF&#8221; link_text_color=&#8221;#FFFFFF&#8221; custom_margin=&#8221;||10px||false|false&#8221; link_option_url=&#8221;@ET-DC@eyJkeW5hbWljIjp0cnVlLCJjb250ZW50IjoicG9zdF9saW5rX3VybF9wYWdlIiwic2V0dGluZ3MiOnsicG9zdF9pZCI6IjU3NiJ9fQ==@&#8221; locked=&#8221;off&#8221; global_colors_info=&#8221;{}&#8221;]<\/p>\n<p>Cookie policy (UE)<\/p>\n<p>[\/et_pb_text][\/et_pb_column][\/et_pb_row][et_pb_row _builder_version=&#8221;4.19.5&#8243; _module_preset=&#8221;default&#8221; global_colors_info=&#8221;{}&#8221;][et_pb_column type=&#8221;4_4&#8243; _builder_version=&#8221;4.19.5&#8243; _module_preset=&#8221;default&#8221; global_colors_info=&#8221;{}&#8221;][et_pb_text _builder_version=&#8221;4.19.5&#8243; _dynamic_attributes=&#8221;content&#8221; _module_preset=&#8221;35894622-78f5-4ffb-aad3-33371e758dc0&#8243; text_text_color=&#8221;#D2D0BB&#8221; text_orientation=&#8221;center&#8221; global_colors_info=&#8221;{}&#8221;]@ET-DC@eyJkeW5hbWljIjp0cnVlLCJjb250ZW50IjoiY3VycmVudF9kYXRlIiwic2V0dGluZ3MiOnsiYmVmb3JlIjoiQ29weXJpZ2h0ICZjb3B5OyAiLCJhZnRlciI6IiBEaXZpLiBBbGwgUmlnaHRzIFJlc2VydmVkLiIsImRhdGVfZm9ybWF0IjoiY3VzdG9tIiwiY3VzdG9tX2RhdGVfZm9ybWF0IjoiWSJ9fQ==@[\/et_pb_text][\/et_pb_column][\/et_pb_row][\/et_pb_section]<\/p>\n","protected":false},"excerpt":{"rendered":"<p>chi sonoIl mio nome \u00e8 Lisa, sono una psicologa dello sviluppo e dei processi educativi, specializzata in perinatalit\u00e0. Leggi qui sotto per sapere qualcosa in pi\u00f9 su di me!I miei studi e la mia esperienzaLo studio della psicologia fa parte della mia vita da quando mi sono iscritta al corso di laurea in Scienze e [&hellip;]<\/p>\n","protected":false},"author":1,"featured_media":0,"parent":0,"menu_order":0,"comment_status":"closed","ping_status":"closed","template":"","meta":{"_et_pb_use_builder":"on","_et_pb_old_content":"","_et_gb_content_width":"","footnotes":""},"class_list":["post-158","page","type-page","status-publish","hentry"],"_links":{"self":[{"href":"https:\/\/www.themindedbaby.it\/index.php\/wp-json\/wp\/v2\/pages\/158","targetHints":{"allow":["GET"]}}],"collection":[{"href":"https:\/\/www.themindedbaby.it\/index.php\/wp-json\/wp\/v2\/pages"}],"about":[{"href":"https:\/\/www.themindedbaby.it\/index.php\/wp-json\/wp\/v2\/types\/page"}],"author":[{"embeddable":true,"href":"https:\/\/www.themindedbaby.it\/index.php\/wp-json\/wp\/v2\/users\/1"}],"replies":[{"embeddable":true,"href":"https:\/\/www.themindedbaby.it\/index.php\/wp-json\/wp\/v2\/comments?post=158"}],"version-history":[{"count":26,"href":"https:\/\/www.themindedbaby.it\/index.php\/wp-json\/wp\/v2\/pages\/158\/revisions"}],"predecessor-version":[{"id":587,"href":"https:\/\/www.themindedbaby.it\/index.php\/wp-json\/wp\/v2\/pages\/158\/revisions\/587"}],"wp:attachment":[{"href":"https:\/\/www.themindedbaby.it\/index.php\/wp-json\/wp\/v2\/media?parent=158"}],"curies":[{"name":"wp","href":"https:\/\/api.w.org\/{rel}","templated":true}]}}